{"id":124,"date":"2024-03-30T16:18:26","date_gmt":"2024-03-30T15:18:26","guid":{"rendered":"https:\/\/phare-richard.fr\/?page_id=124"},"modified":"2026-04-04T17:31:20","modified_gmt":"2026-04-04T15:31:20","slug":"comment-adherer","status":"publish","type":"page","link":"https:\/\/phare-richard.fr\/index.php\/comment-adherer\/","title":{"rendered":"Comment adh\u00e9rer ?"},"content":{"rendered":"\n<p>Il n&rsquo;y a rien de plus facile que d&rsquo;adh\u00e9rer \u00e0 l&rsquo;<strong>Association Communale du Phare de Richard<\/strong> !<br>L&rsquo;adh\u00e9sion est annuelle : elle donne droit \u00e0 la <strong>gratuit\u00e9 d&rsquo;acc\u00e8s \u00e0 la tour et au mus\u00e9e<\/strong> ainsi que le droit \u00e0 <strong>la mise \u00e0 disposition du carrelet<\/strong> \u00e0 ses d\u00e9tenteurs.<br>Le montant de l&rsquo;adh\u00e9sion en 2026 est de 20 \u20ac pour un couple (15 \u20ac pour une personne seule, 20 \u20ac pour les associations et pour les professionnels qui d\u00e9sirent devenir nos partenaires).<br><\/p>\n\n\n\n<p>Comment adh\u00e9rer ?  Deux possibilit\u00e9s vous sont propos\u00e9es :<\/p>\n\n\n\n<ul class=\"wp-block-list\">\n<li>soit en direct, \u00e0 l&rsquo;accueil du mus\u00e9e du phare (pendant ses horaires d&rsquo;ouverture) pour remplir  <a href=\"https:\/\/phare-richard.fr\/wp-content\/uploads\/2026\/04\/Adhesion-2026.pdf\">le bulletin d&rsquo;adh\u00e9sion<\/a> et effectuer le r\u00e8glement,<\/li>\n<\/ul>\n\n\n\n<ul class=\"wp-block-list\">\n<li>soit vous t\u00e9l\u00e9charger le bulletin d&rsquo;adh\u00e9sion et vous nous l&rsquo;envoyez par la poste sans oublier de joindre le paiement.<\/li>\n<\/ul>\n\n\n\n<p><\/p>\n","protected":false},"excerpt":{"rendered":"<p>Il n&rsquo;y a rien de plus facile que d&rsquo;adh\u00e9rer \u00e0 l&rsquo;Association Communale du Phare de Richard !L&rsquo;adh\u00e9sion est annuelle : elle donne droit \u00e0 la gratuit\u00e9 d&rsquo;acc\u00e8s \u00e0 la tour et au mus\u00e9e ainsi que le droit \u00e0 la mise \u00e0 disposition du carrelet \u00e0 ses d\u00e9tenteurs.Le montant de l&rsquo;adh\u00e9sion en 2026 est de 20 &hellip; <a href=\"https:\/\/phare-richard.fr\/index.php\/comment-adherer\/\" class=\"more-link\">Continuer la lecture<span class=\"screen-reader-text\"> de &laquo;&nbsp;Comment adh\u00e9rer ?&nbsp;&raquo;<\/span><\/a><\/p>\n","protected":false},"author":4,"featured_media":0,"parent":0,"menu_order":0,"comment_status":"closed","ping_status":"closed","template":"","meta":{"footnotes":""},"class_list":["post-124","page","type-page","status-publish","hentry"],"_links":{"self":[{"href":"https:\/\/phare-richard.fr\/index.php\/wp-json\/wp\/v2\/pages\/124","targetHints":{"allow":["GET"]}}],"collection":[{"href":"https:\/\/phare-richard.fr\/index.php\/wp-json\/wp\/v2\/pages"}],"about":[{"href":"https:\/\/phare-richard.fr\/index.php\/wp-json\/wp\/v2\/types\/page"}],"author":[{"embeddable":true,"href":"https:\/\/phare-richard.fr\/index.php\/wp-json\/wp\/v2\/users\/4"}],"replies":[{"embeddable":true,"href":"https:\/\/phare-richard.fr\/index.php\/wp-json\/wp\/v2\/comments?post=124"}],"version-history":[{"count":11,"href":"https:\/\/phare-richard.fr\/index.php\/wp-json\/wp\/v2\/pages\/124\/revisions"}],"predecessor-version":[{"id":807,"href":"https:\/\/phare-richard.fr\/index.php\/wp-json\/wp\/v2\/pages\/124\/revisions\/807"}],"wp:attachment":[{"href":"https:\/\/phare-richard.fr\/index.php\/wp-json\/wp\/v2\/media?parent=124"}],"curies":[{"name":"wp","href":"https:\/\/api.w.org\/{rel}","templated":true}]}}